{"id":3080,"date":"2020-05-02T09:19:23","date_gmt":"2020-05-02T07:19:23","guid":{"rendered":"http:\/\/jfon.fr\/?page_id=3080"},"modified":"2023-06-22T08:10:47","modified_gmt":"2023-06-22T06:10:47","slug":"le-mystere-du-photon","status":"publish","type":"page","link":"https:\/\/jfon.fr\/index.php\/physique-preambule\/le-mystere-du-photon\/","title":{"rendered":"2-Le myst\u00e8re du photon"},"content":{"rendered":"\n<h4 class=\"wp-block-heading\">Qu\u2019est-ce que le PHOTON&nbsp;?<\/h4>\n\n\n\n<p>A un membre de mon jury d\u2019Habilitation, \u00e9minent sp\u00e9cialiste de l\u2019optique proche de la retraite, j\u2019avais demand\u00e9 s\u2019il y avait encore des choses \u00e0 d\u00e9couvrir sur la lumi\u00e8re&nbsp;; apr\u00e8s Maxwell, Planck, Einstein et tous les Physiciens du quantique, que pouvait-on encore dire&nbsp;? La r\u00e9ponse qu\u2019il me fit me laissa dubitatif&nbsp;:&nbsp;<strong>on ne sait toujours pas ce qu\u2019est un photon<\/strong>.&nbsp;<\/p>\n\n\n\n<p>Emport\u00e9 par la suite par le maelstr\u00f6m des contraintes de la vie d\u2019enseignant-chercheur, entra\u00een\u00e9 par l\u2019injonction bien connue du \u00ab\u00a0publish or perish\u00a0\u00bb, je n\u2019ai plus eu le temps d\u2019y r\u00e9fl\u00e9chir, d\u2019autant plus que les flux de photons sortant des lasers que j\u2019utilisais, se comportaient sans ambigu\u00eft\u00e9 comme une onde et pouvaient \u00eatre d\u00e9crits en tant que telle, sans grande difficult\u00e9 conceptuelle.\u00a0<\/p>\n\n\n\n<p>Un d\u00e9but de r\u00e9flexion initi\u00e9e au d\u00e9but d\u2019un \u00e9m\u00e9ritat de deux ans, trop rapidement ponctu\u00e9 par une succession de voyages et de randonn\u00e9es, puis ralentie par un confinement impos\u00e9 par une crise sanitaire, m\u2019am\u00e8ne au constat personnel, que\u00a0:<\/p>\n\n\n\n<ul>\n<li><mark style=\"background-color:rgba(0, 0, 0, 0)\" class=\"has-inline-color has-vivid-red-color\">le photon, tel qu\u2019il est d\u00e9crit le plus souvent et tel que je l\u2019imaginais \u00e0 partir des descriptions en g\u00e9n\u00e9ral utilis\u00e9es, n\u2019existe pas.\u00a0\u00a0De plus le terme d\u2019onde qu\u2019on utilise couramment pour dire ce qu\u2019est la lumi\u00e8re, ne me para\u00eet pas appropri\u00e9 non plus. On peut dire en effet que la lumi\u00e8re est une onde comme on peut dire que le son est une onde, les deux \u00e9tant tr\u00e8s diff\u00e9rents. Mais qu\u2019est-ce que la lumi\u00e8re, et \u00e0 quoi correspond l\u2019entit\u00e9 appel\u00e9e \u00ab\u00a0photon\u00a0\u00bb\u00a0?<\/mark><\/li>\n<\/ul>\n\n\n\n<p>Pour r\u00e9pondre \u00e0 la question, si on n&rsquo;a pas pass\u00e9 plusieurs d\u00e9cennies \u00e0 enseigner la photonique \u00e0 des \u00e9l\u00e8ves ing\u00e9nieurs, on commence par regarder l&rsquo;article \u00ab\u00a0<a href=\"https:\/\/fr.wikipedia.org\/wiki\/Photon\">photon<\/a>\u00a0\u00bb de l&rsquo;encyclop\u00e9die en ligne wikipedia, et si on assez de temps on peut lire quelques ouvrages comme par exemple l&rsquo;ouvrage de r\u00e9f\u00e9rence sur la <a href=\"https:\/\/www.eyrolles.com\/Sciences\/Livre\/mecanique-quantique-tome-1-9782759822874\/\">m\u00e9canique quantique de C. Cohen-Tannoudji, B. Diu et FL Lalo\u00eb<\/a>.<\/p>\n\n\n\n<h5 class=\"wp-block-heading\">Histoire de la lumi\u00e8re et du photon<\/h5>\n\n\n\n<p>L\u2019essentiel est dit dans l\u2019article [<a href=\"https:\/\/fr.wikipedia.org\/wiki\/Photon\">Photon<\/a>] de wikipedia&nbsp;;&nbsp; ce qui n\u2019emp\u00eache de prolonger le plaisir par la lecture d\u2019ouvrages comme&nbsp;:<br>&#8211; <a href=\"https:\/\/www.seuil.com\/ouvrage\/une-histoire-de-la-lumiere-bernard-maitte\/9782021237054\">Histoire de la lumi\u00e8re<\/a> de Bernard Maitte<br>&#8211; <a href=\"https:\/\/www.eyrolles.com\/Sciences\/Livre\/traite-de-la-lumiere-9782880748012\/\">Trait\u00e9 de la lumi\u00e8re<\/a> de L. Zuppiroli, M-N Bussac et C. Grimm.<br>R\u00e9sumons en quelques lignes les r\u00e9flexions sur la&nbsp;<strong>lumi\u00e8re<\/strong>, cette chose \u00e9vidente pour tous sauf pour les Physiciens.<\/p>\n\n\n\n<p>On trouve quelques \u00e9lucubrations dans l\u2019antiquit\u00e9,&nbsp;puis pas grand chose jusqu\u2019&nbsp;\u00e0 Alhazen (965-1040).<br>Les choses s\u00e9rieuses commencent au 17\u00e9me si\u00e8cle avec Newton, la lumi\u00e8re est un flux de particules. Cette id\u00e9e est contest\u00e9e plus tard par plusieurs physiciens ( Huyghens, Fresnel &#8230;) pour lesquels il s\u2019agit d\u2019une onde.<\/p>\n\n\n\n<p>La bataille onde\/corpuscule n\u2019a pas cess\u00e9 depuis. On pensait la question r\u00e9gl\u00e9e jusqu\u2019\u00e0 ce que&nbsp;Planck a sa g\u00e9niale intuition en proposant en 1901 une constante en faisant l\u2019hypoth\u00e8se que&nbsp;&nbsp;l&rsquo;\u00e9nergie rayonnante \u00e9mise ou absorb\u00e9e par la mati\u00e8re ne se fait que par paquets d\u2019une quantit\u00e9 discr\u00e8te en relation avec la fr\u00e9quence du rayonnement<\/p>\n\n\n\n<p>Einstein utilise l\u2019id\u00e9e et donne une explication de l\u2019effet photo\u00e9lectrique sur la base sur cette hypoth\u00e8se (ce qui lui valut son unique prix Nobel)<\/p>\n\n\n\n<p>Lewis G. Newton donne en 1926 le nom de <strong>photon<\/strong> au quantum de lumi\u00e8re identifi\u00e9 par Einstein.<\/p>\n\n\n\n<p>La bataille Ondes\/Corpuscules continue jusqu\u2019\u00e0 ce qu\u2019on d\u00e9cide enfin de ne pas choisir&nbsp;: la lumi\u00e8re est onde <strong>et<\/strong>&nbsp;particule, elle a une double nature et il faut vivre avec cette apparente contradiction.<\/p>\n\n\n\n<h5 class=\"wp-block-heading\">Nature de la lumi\u00e8re et du photon<\/h5>\n\n\n\n<p>La lumi\u00e8re est l\u2019une des nombreuses formes que prend l\u2019\u00c9NERGIE&nbsp;; c\u2019est l\u2019\u00e9nergie port\u00e9e par des oscillations de champs \u00e9lectrique et magn\u00e9tique, qu\u2019on peut consid\u00e9rer comme une entit\u00e9 unique, le&nbsp;<strong>CHAMP \u00c9LECTRO-MAGN\u00c9TIQUE<\/strong>. Ces oscillations se transmettent de part en part sous forme d\u2019ondes.<\/p>\n\n\n\n<p>Les oscillations du champ sont produites par des oscillations de particules mati\u00e8re ayant une<strong>&nbsp;CHARGE&nbsp;<\/strong>\u00c9LECTRIQUE \u00e9lectron ou proton.&nbsp;&nbsp;Dans la majorit\u00e9 des ph\u00e9nom\u00e8nes observ\u00e9s dans notre environnement, ce sont les oscillations \u00e9lectroniques qui sont \u00e0 la source des ph\u00e9nom\u00e8nes lumineux. L\u2019orientation de la&nbsp;<strong>direction<\/strong>&nbsp;de variation du champ d\u00e9termine la direction de propagation de l\u2019\u00e9nergie de la perturbation produite. La direction suivant laquelle se produit les variations de champ \u00e9lectrique, constitue la <strong>polarisation<\/strong> de l\u2019onde.<\/p>\n\n\n\n<p>La lumi\u00e8re qui nous est famili\u00e8re est celle qui est visible, mais cette lumi\u00e8re l\u00e0 est une toute petite partie de la grande famille des ondes \u00e9lectro-magn\u00e9tiques qui nous sont pour la plupart invisibles et que nous avons mis en \u00e9vidence que dans un pass\u00e9 r\u00e9cent.&nbsp;Qu\u2019est-ce donc en r\u00e9alit\u00e9 que ce photon&nbsp;? On peut dire que c\u2019est une <strong>boule d\u2019\u00e9nergie en mouvement ondulatoire<\/strong>. Ce qui oscille c\u2019est une combinaison de champ \u00e9lectrique et de champ magn\u00e9tique. Cette boule d\u2019\u00e9nergie se d\u00e9place \u00e0 une vitesse d\u00e9finie par les propri\u00e9t\u00e9s \u00e9lectriques et magn\u00e9tiques du milieu. Si le milieu est vide de mati\u00e8re cette vitesse est \u00e9gale \u00e0 300 000 km\/s. Dans les situations o\u00f9 la repr\u00e9sentation corpusculaire convient, on fait abstraction d\u2019une \u00e9tendue spatiale, on pense \u00e0 un \u00ab petit grain \u00bb aux dimensions n\u00e9gligeables, et donc on d\u00e9crit la trajectoire suivie par la particule.<\/p>\n\n\n\n<h5 class=\"wp-block-heading\">Propri\u00e9t\u00e9s du photon<\/h5>\n\n\n\n<p>Le photon est le quantum \u00e9l\u00e9mentaire de rayonnement. Les ouvrages d\u2019optique nous disent que le photon se caract\u00e9rise par un ensemble de propri\u00e9t\u00e9s. Certaines peuvent \u00eatre associ\u00e9es \u00e0 son caract\u00e8re corpusculaire. Ce sont&nbsp;:<br>&#8211; l\u2019\u00e9nergie,<br>&#8211; la vitesse de d\u00e9placement, 299 792 458 m\/s<br>&#8211; la quantit\u00e9 de mouvement<br>&#8211; la trajectoire.<\/p>\n\n\n\n<p>D\u2019autres sont associ\u00e9es \u00e0 son caract\u00e8re ondulatoire&nbsp;:<br>&#8211; la fr\u00e9quence et la longueur d\u2019onde.<\/p>\n\n\n\n<p>Une autre proprit\u00e9 appara\u00eet dans les interactions, c\u2019est le <strong>spin<\/strong>, qui se manifeste dans les interactions \u00e9l\u00e9mentaires avec la mati\u00e8re mais plus difficile \u00e0 se repr\u00e9senter \u00e0 l\u2019\u00e9chelle macroscopique.\u00a0<\/p>\n\n\n\n<h5 class=\"wp-block-heading\">Repr\u00e9sentation du photon<\/h5>\n\n\n\n<p>Comment se repr\u00e9senter cette petite <strong>boule d\u2019\u00e9nergie<\/strong> qui prend des allures d\u2019onde. La repr\u00e9sentation que j\u2019avais tendance \u00e0 donner, lors des rares occasions o\u00f9 j\u2019en avais besoin est celle d\u2019un paquet d\u2019onde, donc tr\u00e9s limit\u00e9 dans l\u2019espace, telle que&nbsp;&nbsp;vu ci-apr\u00e8s<\/p>\n\n\n\n<figure class=\"wp-block-image size-large\"><img loading=\"lazy\" decoding=\"async\" width=\"1024\" height=\"359\" src=\"http:\/\/jfon.fr\/wp-content\/uploads\/2020\/05\/Photon-paquet-dondes-1024x359.jpg\" alt=\"\" class=\"wp-image-3178\" srcset=\"https:\/\/jfon.fr\/wp-content\/uploads\/2020\/05\/Photon-paquet-dondes-1024x359.jpg 1024w, https:\/\/jfon.fr\/wp-content\/uploads\/2020\/05\/Photon-paquet-dondes-300x105.jpg 300w, https:\/\/jfon.fr\/wp-content\/uploads\/2020\/05\/Photon-paquet-dondes-768x270.jpg 768w, https:\/\/jfon.fr\/wp-content\/uploads\/2020\/05\/Photon-paquet-dondes.jpg 1245w\" sizes=\"(max-width: 767px) 89vw, (max-width: 1000px) 54vw, (max-width: 1071px) 543px, 580px\" \/><\/figure>\n\n\n\n<p>On devine l\u2019oscillation mais la repr\u00e9sentation dans un plan n\u2019est vraiment pas satisfaisante. Par la magie de Google, j\u2019ai trouv\u00e9 sur une <a href=\"https:\/\/jqi.umd.edu\/news\/jqi-paper-most-read-reviews-scientific-instruments\">page de l&rsquo;Universit\u00e9 de Mariland<\/a>, une repr\u00e9sentation dite artistique, qui me satisfait plus, car on devine bien l\u2019\u00e9tendue spatiale dans laquelle quelque chose oscille et ceci dans toutes les directions; bravo l&rsquo;artiste.<\/p>\n\n\n<div class=\"wp-block-image\">\n<figure class=\"aligncenter size-large\"><img loading=\"lazy\" decoding=\"async\" width=\"1024\" height=\"435\" src=\"http:\/\/jfon.fr\/wp-content\/uploads\/2020\/05\/Photon-1-bis-1024x435.jpg\" alt=\"\" class=\"wp-image-3099\" srcset=\"https:\/\/jfon.fr\/wp-content\/uploads\/2020\/05\/Photon-1-bis-1024x435.jpg 1024w, https:\/\/jfon.fr\/wp-content\/uploads\/2020\/05\/Photon-1-bis-300x127.jpg 300w, https:\/\/jfon.fr\/wp-content\/uploads\/2020\/05\/Photon-1-bis-768x326.jpg 768w, https:\/\/jfon.fr\/wp-content\/uploads\/2020\/05\/Photon-1-bis.jpg 1431w\" sizes=\"(max-width: 767px) 89vw, (max-width: 1000px) 54vw, (max-width: 1071px) 543px, 580px\" \/><\/figure><\/div>\n\n\n<p>En attendant mieux donc prenons cette repr\u00e9sentation.<\/p>\n\n\n\n<h5 class=\"wp-block-heading\">Interaction<\/h5>\n\n\n\n<p>Mais allons plus loin, et faisons le interagir avec \u00ab\u00a0quelque chose\u00a0\u00bb. Pour cela il faut dire dans quoi il se trouve et on tombe alors sur le probl\u00e8me qui dure depuis l&rsquo;antiquit\u00e9 : de quoi est fait notre monde? &nbsp;Pour Lucr\u00e8ce (1er si\u00e8cle avant notre \u00e8re)  la nature est constitu\u00e9e de vide et d&rsquo;atomes (entit\u00e9s ins\u00e9cables). Les atomes sont pleins et \u00e9ternels. Notre repr\u00e9sentation du monde a progress\u00e9 depuis, mais le myst\u00e8re demeure. <br>De l&rsquo;espace vide donc, mais l&rsquo;espace est-il vraiment vide quand on a \u00ab\u00a0tout\u00a0\u00bb enlev\u00e9, \u00ab\u00a0tout\u00a0\u00bb faisant r\u00e9f\u00e9rence \u00e0 la mati\u00e8re. Jusqu&rsquo;au d\u00e9but du 20\u00e8me si\u00e8cle, nous n&rsquo;arrivions pas \u00e0 imaginer que l&rsquo;espace vide soit vraiment vide, il fallait bien un milieu pour que des ondes lumineuses en particulier puisse se propager, on a appel\u00e9 <strong>\u00e9ther<\/strong> ce milieu. Puis est venue la physique quantique avec les concepts de particules virtuelles qui peuvent jaillir du vide, pour y retourner aussit\u00f4t, ou pour former les particules de mati\u00e8re que nous connaissons aujourd&rsquo;hui. Il nous faut donc faire de la physique avec du vide, mais un \u00ab\u00a0<strong>vide quantique<\/strong>\u00ab\u00a0, un peu moins vide donc que celui de l&rsquo;antiquit\u00e9 grecque.<\/p>\n\n\n\n<p>L&rsquo;immense majorit\u00e9 des scientifiques et ing\u00e9nieurs peut se contenter d&rsquo;un mod\u00e8le semi-classique pour d\u00e9crire l&rsquo;interaction entre rayonnement et mati\u00e8re, pour l&rsquo;essentiel entre \u00e9lectrons et photons. Et la physique du laser, m\u00eame si le laser est avant tout un dispositif quantique, peut \u00eatre pr\u00e9sent\u00e9e sous une forme assez intuitive avec un formalisme semi-classique, dans lequel la mati\u00e8re est quantifi\u00e9e, mais le champ \u00e9lectromagn\u00e9tique et les ondes qui s&rsquo;y propagent, restent classiques c&rsquo;est-\u00e0-dire continus. C&rsquo;est l&rsquo;\u00e9change d&rsquo;\u00e9nergie qui est discr\u00e8te, ce caract\u00e8re discret \u00e9tant impos\u00e9 par la mati\u00e8re. Pour l&rsquo;absorption et l&rsquo;\u00e9mission stimul\u00e9e de rayonnement, cela ne pose pas de probl\u00e8me. C&rsquo;est l&rsquo;\u00e9mission spontan\u00e9e de lumi\u00e8re par les atomes qui pose probl\u00e8me : une forme d&rsquo;interaction avec le \u00ab\u00a0vide\u00a0\u00bb est n\u00e9cessaire.<\/p>\n\n\n\n<p>La situation \u00e9l\u00e9mentaire que nous devons consid\u00e9rer est donc la suivante. Nous avons un atome. Il s&rsquo;agit pour la configuration la plus simple d&rsquo;un atome d&rsquo;hydrog\u00e8ne, c&rsquo;est-\u00e0-dire d&rsquo;un proton avec sa charge positive, li\u00e9 \u00e0 un \u00e9lectron, de charge oppos\u00e9e. Si l&rsquo;atome est \u00ab\u00a0excit\u00e9\u00a0\u00bb, c&rsquo;est-\u00e0-dire qu&rsquo;il n&rsquo;occupe pas le niveau le plus bas des \u00e9nergies qu&rsquo;il peut avoir, il finit par revenir \u00e0 son \u00e9tat fondamental en \u00e9mettant un photon, ceci se produisant sans interaction avec quoique ce soit d&rsquo;autre, d&rsquo;o\u00f9 le nom d&rsquo;\u00e9mission spontan\u00e9e. Le formalisme de la physique quantique pr\u00e9voit qu&rsquo;il faut quelque chose pour que l&rsquo;\u00e9v\u00e9nement se produise, sinon l&rsquo;atome resterait \u00e9ternellement avec son \u00e9nergie. <\/p>\n\n\n<div class=\"wp-block-image\">\n<figure class=\"aligncenter size-large\"><img loading=\"lazy\" decoding=\"async\" width=\"1024\" height=\"446\" src=\"http:\/\/jfon.fr\/wp-content\/uploads\/2020\/05\/Atome-vide-photon-1024x446.jpg\" alt=\"\" class=\"wp-image-3205\" srcset=\"https:\/\/jfon.fr\/wp-content\/uploads\/2020\/05\/Atome-vide-photon-1024x446.jpg 1024w, https:\/\/jfon.fr\/wp-content\/uploads\/2020\/05\/Atome-vide-photon-300x131.jpg 300w, https:\/\/jfon.fr\/wp-content\/uploads\/2020\/05\/Atome-vide-photon-768x334.jpg 768w, https:\/\/jfon.fr\/wp-content\/uploads\/2020\/05\/Atome-vide-photon.jpg 1493w\" sizes=\"(max-width: 767px) 89vw, (max-width: 1000px) 54vw, (max-width: 1071px) 543px, 580px\" \/><\/figure><\/div>","protected":false},"excerpt":{"rendered":"<p>Qu\u2019est-ce que le PHOTON&nbsp;? A un membre de mon jury d\u2019Habilitation, \u00e9minent sp\u00e9cialiste de l\u2019optique proche de la retraite, j\u2019avais demand\u00e9 s\u2019il y avait encore des choses \u00e0 d\u00e9couvrir sur la lumi\u00e8re&nbsp;; apr\u00e8s Maxwell, Planck, Einstein et tous les Physiciens du quantique, que pouvait-on encore dire&nbsp;? La r\u00e9ponse qu\u2019il me fit me laissa dubitatif&nbsp;:&nbsp;on ne &hellip; <\/p>\n<p class=\"link-more\"><a href=\"https:\/\/jfon.fr\/index.php\/physique-preambule\/le-mystere-du-photon\/\" class=\"more-link\">Continuer la lecture<span class=\"screen-reader-text\"> de &laquo;&nbsp;2-Le myst\u00e8re du photon&nbsp;&raquo;<\/span><\/a><\/p>\n","protected":false},"author":1,"featured_media":0,"parent":1802,"menu_order":0,"comment_status":"closed","ping_status":"closed","template":"","meta":{"footnotes":""},"_links":{"self":[{"href":"https:\/\/jfon.fr\/index.php\/wp-json\/wp\/v2\/pages\/3080"}],"collection":[{"href":"https:\/\/jfon.fr\/index.php\/wp-json\/wp\/v2\/pages"}],"about":[{"href":"https:\/\/jfon.fr\/index.php\/wp-json\/wp\/v2\/types\/page"}],"author":[{"embeddable":true,"href":"https:\/\/jfon.fr\/index.php\/wp-json\/wp\/v2\/users\/1"}],"replies":[{"embeddable":true,"href":"https:\/\/jfon.fr\/index.php\/wp-json\/wp\/v2\/comments?post=3080"}],"version-history":[{"count":45,"href":"https:\/\/jfon.fr\/index.php\/wp-json\/wp\/v2\/pages\/3080\/revisions"}],"predecessor-version":[{"id":6991,"href":"https:\/\/jfon.fr\/index.php\/wp-json\/wp\/v2\/pages\/3080\/revisions\/6991"}],"up":[{"embeddable":true,"href":"https:\/\/jfon.fr\/index.php\/wp-json\/wp\/v2\/pages\/1802"}],"wp:attachment":[{"href":"https:\/\/jfon.fr\/index.php\/wp-json\/wp\/v2\/media?parent=3080"}],"curies":[{"name":"wp","href":"https:\/\/api.w.org\/{rel}","templated":true}]}}