{"id":2136,"date":"2019-12-31T18:06:46","date_gmt":"2019-12-31T17:06:46","guid":{"rendered":"http:\/\/jfon.fr\/?page_id=2136"},"modified":"2025-11-19T08:52:42","modified_gmt":"2025-11-19T07:52:42","slug":"prezentado","status":"publish","type":"page","link":"https:\/\/jfon.fr\/index.php\/esperanto-plus-quune-langue\/prezentado\/","title":{"rendered":"1-Kiu mi estas"},"content":{"rendered":"\n<h4 class=\"wp-block-heading\">Mallonga prezentado<\/h4>\n\n\n\n<p>Mi nomi\u011das \u0134oel.\u00a0<br>Mi lo\u011das en Strasburgo la\u00a0\u0109efurbo de Alzaco en Francio, \u0109e la limo kun Germanio.<br>Mi havas du filojn. Mi estas vidvo ekde 2018.<br>Dum mia lasta laborjaro en 2018-2019 mi malkovris Esperanton, kaj decidis lerni \u011din. La lernado disvolvi\u011dis en la agrabla etoso de la strasburga klubo. La entuziasmo de Bernardo, la instruisto, multe helpis. Tre utilis anka\u016d la i-kursoj de <em>Esperanto France<\/em>, kaj la sta\u011doj organizitaj en la kastelo Greziljono. Bert kaj \u0134anik faras mirindan laboron. Finfine Katalin Kovats, la estrino de <em>edukado.net<\/em> konvinkis min ke indas ekzameni\u011di; tion mi faris \u011dis la KER C1 nivelo.<\/p>\n\n\n\n<div class=\"wp-block-columns is-layout-flex wp-container-core-columns-is-layout-1 wp-block-columns-is-layout-flex\">\n<div class=\"wp-block-column is-layout-flow wp-block-column-is-layout-flow\" style=\"flex-basis:100%\">\n<p>Mi naski\u011dis sur la franca insulo&nbsp;<a rel=\"noreferrer noopener\" href=\"https:\/\/eo.wikipedia.org\/wiki\/Reunio\" target=\"_blank\">Reunio<\/a>. Post mezlernejo, mi iris al Rusio por studi fizikon. Tiuokaze mi lernis la rusan lingvon.<\/p>\n\n\n\n<p>Post kvin jaroj en Moskvo, mi denove lo\u011dis unu jaron sur Reunio, por instrui en liceo. Sekve mi iris al Strasburgo por prepari doktoran tezon. La temo estis holografio. Poste mi komencis karieron kiel instruisto, esploristo kaj fine, administranto .<br>Dum dek jaroj mi dispartigis mian tempon inter Usonaj universitatoj \u00a0(Suda Kalifornio, Teksaso, Nova Meksiko) kaj Instituto de Aplikaj Sciencoj de Strasburgo (<a href=\"http:\/\/www.insa-strasbourg.fr\/\" target=\"_blank\" rel=\"noreferrer noopener\">INSA<\/a>), kie mi ricevis postenon. Mia fako estas fiziko de la lumo.<br>Ekde septembro 2019, mi ne plu instruas, \u0109ar mi tiam emeriti\u011dis. Anta\u016de mi estis membro de la esplorista teamo\u00a0<em><a href=\"http:\/\/icube-ipp.unistra.fr\/fr\/index.php\/Accueil\" target=\"_blank\" rel=\"noreferrer noopener\">IPP<\/a><\/em>\u00a0de la laboratorio\u00a0<em><a href=\"http:\/\/icube.unistra.fr\/\" target=\"_blank\" rel=\"noreferrer noopener\">ICube<\/a><\/em>\u00a0ene de la strasburga universitato.<br>Miaj nunaj aktiva\u0135oj\u00a0: legi kaj a\u016dskulti spertulojn pri diversaj fakoj por kontinue lerni pri la misteroj de la vivo kaj de la universo \u011denerale, prelegi pri la fakoj kiujn mi regas, voja\u011di (kiam eblas pere de Esperanto), migradi\u00a0en la naturo, prefereble en montaro, \u0109ar fizikaj ekzercoj estas la plej bona rimedo por vivi sen medikamentoj.<br>La esperanta klubo de Strasburgo estas sufi\u0109e aktiva. \u011ci organizas unu renkonti\u011don monate kaj du piknikojn somere, \u011denerale kun partoprenantoj el Germanio. Ni bon\u015dancas, en Strasburgo, havi la eksa-prezidanton de Esperanto-France, Bruno Flochon, en nia klubo.<\/p>\n<\/div>\n<\/div>\n\n\n<div class=\"wp-block-image\">\n<figure class=\"aligncenter size-large\"><img loading=\"lazy\" decoding=\"async\" width=\"1024\" height=\"412\" src=\"http:\/\/jfon.fr\/wp-content\/uploads\/2022\/12\/image-35-1024x412.png\" alt=\"\" class=\"wp-image-5763\" srcset=\"https:\/\/jfon.fr\/wp-content\/uploads\/2022\/12\/image-35-1024x412.png 1024w, https:\/\/jfon.fr\/wp-content\/uploads\/2022\/12\/image-35-300x121.png 300w, https:\/\/jfon.fr\/wp-content\/uploads\/2022\/12\/image-35-768x309.png 768w, https:\/\/jfon.fr\/wp-content\/uploads\/2022\/12\/image-35-1536x618.png 1536w, https:\/\/jfon.fr\/wp-content\/uploads\/2022\/12\/image-35-2048x824.png 2048w\" sizes=\"(max-width: 767px) 89vw, (max-width: 1000px) 54vw, (max-width: 1071px) 543px, 580px\" \/><figcaption class=\"wp-element-caption\"><em>Esperanta pikniko de la strasburga klubo sur la limo kun Germanio.<\/em><\/figcaption><\/figure><\/div>\n\n\n<h4 class=\"wp-block-heading\">En paro estas multe pli agrable<\/h4>\n\n\n\n<p>Kiam mi voja\u011das, Lora, esperantistino de la strasburga klubo, akompanas min. \u015ci malkovris esperanton en 2019 kaj tre \u015datas \u011din.<\/p>\n\n\n\n<h5 class=\"wp-block-heading\">Nia unua nacia kunveno, Trelisako, an Perigordo en majo 2022<\/h5>\n\n\n\n<p>La 2022 nacia kunveno en Trelisako, apud Perigordo, estis por ni bona enkonduko en la esperanta movado. <\/p>\n\n\n\n<figure class=\"wp-block-image size-large\"><img loading=\"lazy\" decoding=\"async\" width=\"1024\" height=\"538\" src=\"http:\/\/jfon.fr\/wp-content\/uploads\/2022\/12\/image-37-1024x538.png\" alt=\"\" class=\"wp-image-5771\" srcset=\"https:\/\/jfon.fr\/wp-content\/uploads\/2022\/12\/image-37-1024x538.png 1024w, https:\/\/jfon.fr\/wp-content\/uploads\/2022\/12\/image-37-300x158.png 300w, https:\/\/jfon.fr\/wp-content\/uploads\/2022\/12\/image-37-768x403.png 768w, https:\/\/jfon.fr\/wp-content\/uploads\/2022\/12\/image-37.png 1432w\" sizes=\"(max-width: 767px) 89vw, (max-width: 1000px) 54vw, (max-width: 1071px) 543px, 580px\" \/><figcaption class=\"wp-element-caption\"><em>Kun Lora kaj Bruno, la prezidanto de Esperanto-France.<\/em><\/figcaption><\/figure>\n\n\n\n<p><a href=\"http:\/\/jfon.fr\/wp-content\/uploads\/2022\/12\/Trelissac_22-Impresoj-el-Trelisako-2022-LME.pdf\" target=\"_blank\" rel=\"noreferrer noopener\">Impresoj pri la kongreso<\/a> (<em>aperinta en \u00ab\u00a0Informilo\u00a0\u00bb en junio 2022<\/em>)<\/p>\n\n\n\n<h5 class=\"wp-block-heading\">Nia unua UK, Montrealo en a\u016dgusto 2022 : Impona evento por novuloj de la esperanta movado <\/h5>\n\n\n<div class=\"wp-block-image\">\n<figure class=\"aligncenter size-large\"><img loading=\"lazy\" decoding=\"async\" width=\"1024\" height=\"344\" src=\"http:\/\/jfon.fr\/wp-content\/uploads\/2022\/09\/UK-fermo-2-1024x344.jpg\" alt=\"\" class=\"wp-image-5210\" srcset=\"https:\/\/jfon.fr\/wp-content\/uploads\/2022\/09\/UK-fermo-2-1024x344.jpg 1024w, https:\/\/jfon.fr\/wp-content\/uploads\/2022\/09\/UK-fermo-2-300x101.jpg 300w, https:\/\/jfon.fr\/wp-content\/uploads\/2022\/09\/UK-fermo-2-768x258.jpg 768w, https:\/\/jfon.fr\/wp-content\/uploads\/2022\/09\/UK-fermo-2-1536x516.jpg 1536w, https:\/\/jfon.fr\/wp-content\/uploads\/2022\/09\/UK-fermo-2-2048x688.jpg 2048w\" sizes=\"(max-width: 767px) 89vw, (max-width: 1000px) 54vw, (max-width: 1071px) 543px, 580px\" \/><figcaption class=\"wp-element-caption\"><em>UK 2022 &#8211; Dum la fermo<\/em><\/figcaption><\/figure><\/div>\n\n\n<p class=\"has-text-align-left\">La <a href=\"http:\/\/jfon.fr\/wp-content\/uploads\/2022\/12\/Lumo-S_Kafejo-J_F-Kompleta-Teksto.pdf\" target=\"_blank\" rel=\"noreferrer noopener\">teksto de mia prelego<\/a> dum la Scienca Kafejo (Lumo, de la Suno al la lasero)<\/p>\n\n\n\n<p>Partopreni en la UK estis impresa evento kiu instigis nin redakti artikolon pri \u011di :<br><a rel=\"noreferrer noopener\" href=\"http:\/\/jfon.fr\/wp-content\/uploads\/2022\/09\/Nia-unua-UK.pdf\" target=\"_blank\">Nia artikolo pri UK 22 en Montrealo<\/a> (<em>aperinta en \u00ab\u00a0Le monde de l&rsquo;esp\u00e9ranto en 2022\u00a0\u00bb<\/em>)<\/p>\n\n\n\n<h4 class=\"wp-block-heading\">Esperanto sur Reunio, la insulo kie mi naski\u011dis<\/h4>\n\n\n\n<p>Pri Reunio, mia naski\u011dloko, Magy, kiu tie lo\u011dis dum pluraj jaroj, preparis bonegan prezentadon en esperanto : <a href=\"https:\/\/www.youtube.com\/watch?v=L8xjfhzdefY\" target=\"_blank\" rel=\"noreferrer noopener\">Vivo en Reunio<\/a> &#8211; <em>Prelego de Maggy Combot \u0109e la Londona Klubo, dec. 2022<\/em>.<\/p>\n","protected":false},"excerpt":{"rendered":"<p>Mallonga prezentado Mi nomi\u011das \u0134oel.\u00a0Mi lo\u011das en Strasburgo la\u00a0\u0109efurbo de Alzaco en Francio, \u0109e la limo kun Germanio.Mi havas du filojn. Mi estas vidvo ekde 2018.Dum mia lasta laborjaro en 2018-2019 mi malkovris Esperanton, kaj decidis lerni \u011din. La lernado disvolvi\u011dis en la agrabla etoso de la strasburga klubo. La entuziasmo de Bernardo, la instruisto, &hellip; <\/p>\n<p class=\"link-more\"><a href=\"https:\/\/jfon.fr\/index.php\/esperanto-plus-quune-langue\/prezentado\/\" class=\"more-link\">Continuer la lecture<span class=\"screen-reader-text\"> de &laquo;&nbsp;1-Kiu mi estas&nbsp;&raquo;<\/span><\/a><\/p>\n","protected":false},"author":1,"featured_media":0,"parent":3387,"menu_order":0,"comment_status":"open","ping_status":"closed","template":"","meta":{"footnotes":""},"_links":{"self":[{"href":"https:\/\/jfon.fr\/index.php\/wp-json\/wp\/v2\/pages\/2136"}],"collection":[{"href":"https:\/\/jfon.fr\/index.php\/wp-json\/wp\/v2\/pages"}],"about":[{"href":"https:\/\/jfon.fr\/index.php\/wp-json\/wp\/v2\/types\/page"}],"author":[{"embeddable":true,"href":"https:\/\/jfon.fr\/index.php\/wp-json\/wp\/v2\/users\/1"}],"replies":[{"embeddable":true,"href":"https:\/\/jfon.fr\/index.php\/wp-json\/wp\/v2\/comments?post=2136"}],"version-history":[{"count":157,"href":"https:\/\/jfon.fr\/index.php\/wp-json\/wp\/v2\/pages\/2136\/revisions"}],"predecessor-version":[{"id":9331,"href":"https:\/\/jfon.fr\/index.php\/wp-json\/wp\/v2\/pages\/2136\/revisions\/9331"}],"up":[{"embeddable":true,"href":"https:\/\/jfon.fr\/index.php\/wp-json\/wp\/v2\/pages\/3387"}],"wp:attachment":[{"href":"https:\/\/jfon.fr\/index.php\/wp-json\/wp\/v2\/media?parent=2136"}],"curies":[{"name":"wp","href":"https:\/\/api.w.org\/{rel}","templated":true}]}}